{"id":77791,"date":"2025-03-14T20:59:23","date_gmt":"2025-03-14T23:59:23","guid":{"rendered":"https:\/\/colorandinafoods.com.br\/?page_id=77791"},"modified":"2025-08-18T11:30:28","modified_gmt":"2025-08-18T14:30:28","slug":"cor-da-maca-em-po","status":"publish","type":"page","link":"https:\/\/www.colorandinafoods.com.br\/blog\/cor-da-maca-em-po\/","title":{"rendered":"Cor da Maca em P\u00f3"},"content":{"rendered":"\t\t<div data-elementor-type=\"wp-page\" data-elementor-id=\"77791\" class=\"elementor elementor-77791\" data-elementor-post-type=\"page\">\n\t\t\t\t\t\t<section class=\"elementor-section elementor-top-section elementor-element elementor-element-fb739e0 topo elementor-section-height-min-height elementor-section-boxed elementor-section-height-default elementor-section-items-middle\" data-id=\"fb739e0\" data-element_type=\"section\" id=\"topo\" data-settings=\"{&quot;background_background&quot;:&quot;classic&quot;}\">\n\t\t\t\t\t\t\t<div class=\"elementor-background-overlay\"><\/div>\n\t\t\t\t\t\t\t<div class=\"elementor-container elementor-column-gap-no\">\n\t\t\t\t\t<div class=\"elementor-column elementor-col-100 elementor-top-column elementor-element elementor-element-4c4d825\" data-id=\"4c4d825\" data-element_type=\"column\" data-settings=\"{&quot;background_background&quot;:&quot;classic&quot;}\">\n\t\t\t<div class=\"elementor-widget-wrap elementor-element-populated\">\n\t\t\t\t\t\t<div class=\"elementor-element elementor-element-4221e1a elementor-widget elementor-widget-heading\" data-id=\"4221e1a\" data-element_type=\"widget\" data-widget_type=\"heading.default\">\n\t\t\t\t<div class=\"elementor-widget-container\">\n\t\t\t\t\t<h1 class=\"elementor-heading-title elementor-size-default\">Voc\u00ea sabia que<font color=\"#C74729\">  toda maca em p\u00f3 tem a mesma cor?<\/font><\/h1>\t\t\t\t<\/div>\n\t\t\t\t<\/div>\n\t\t\t\t<div class=\"elementor-element elementor-element-6a0268d elementor-widget elementor-widget-heading\" data-id=\"6a0268d\" data-element_type=\"widget\" data-widget_type=\"heading.default\">\n\t\t\t\t<div class=\"elementor-widget-container\">\n\t\t\t\t\t<p class=\"elementor-heading-title elementor-size-default\">O tub\u00e9rculo, em seu formato original, tem colora\u00e7\u00f5es pr\u00f3ximas ao preto, vermelho e amarelo, como as macas s\u00e3o conhecidas.<\/p>\t\t\t\t<\/div>\n\t\t\t\t<\/div>\n\t\t\t\t\t<\/div>\n\t\t<\/div>\n\t\t\t\t\t<\/div>\n\t\t<\/section>\n\t\t\t\t<section class=\"elementor-section elementor-top-section elementor-element elementor-element-e41f79b elementor-section-boxed elementor-section-height-default elementor-section-height-default\" data-id=\"e41f79b\" data-element_type=\"section\" data-settings=\"{&quot;background_background&quot;:&quot;classic&quot;}\">\n\t\t\t\t\t\t\t<div class=\"elementor-background-overlay\"><\/div>\n\t\t\t\t\t\t\t<div class=\"elementor-container elementor-column-gap-default\">\n\t\t\t\t\t<div class=\"elementor-column elementor-col-100 elementor-top-column elementor-element elementor-element-b8e1dd7\" data-id=\"b8e1dd7\" data-element_type=\"column\">\n\t\t\t<div class=\"elementor-widget-wrap elementor-element-populated\">\n\t\t\t\t\t\t<div class=\"elementor-element elementor-element-572897b elementor-widget elementor-widget-text-editor\" data-id=\"572897b\" data-element_type=\"widget\" data-widget_type=\"text-editor.default\">\n\t\t\t\t<div class=\"elementor-widget-container\">\n\t\t\t\t\t\t\t\t\t<p>Mas ap\u00f3s os processos necess\u00e1rios para que a maca fique em p\u00f3, ela tem uma <strong>colora\u00e7\u00e3o igual<\/strong>, em um <strong>tom pastel como bege claro<\/strong>, como pode ser visto nas imagens acima e abaixo.<\/p>\t\t\t\t\t\t\t\t<\/div>\n\t\t\t\t<\/div>\n\t\t\t\t<div class=\"elementor-element elementor-element-50e6d88 elementor-arrows-position-inside elementor-widget elementor-widget-image-carousel\" data-id=\"50e6d88\" data-element_type=\"widget\" data-settings=\"{&quot;slides_to_show&quot;:&quot;3&quot;,&quot;navigation&quot;:&quot;arrows&quot;,&quot;image_spacing_custom&quot;:{&quot;unit&quot;:&quot;px&quot;,&quot;size&quot;:24,&quot;sizes&quot;:[]},&quot;speed&quot;:500,&quot;image_spacing_custom_tablet&quot;:{&quot;unit&quot;:&quot;px&quot;,&quot;size&quot;:&quot;&quot;,&quot;sizes&quot;:[]},&quot;image_spacing_custom_mobile&quot;:{&quot;unit&quot;:&quot;px&quot;,&quot;size&quot;:&quot;&quot;,&quot;sizes&quot;:[]}}\" data-widget_type=\"image-carousel.default\">\n\t\t\t\t<div class=\"elementor-widget-container\">\n\t\t\t\t\t\t\t<div class=\"elementor-image-carousel-wrapper swiper\" role=\"region\" aria-roledescription=\"carousel\" aria-label=\"Carrossel de imagens\" dir=\"ltr\">\n\t\t\t<div class=\"elementor-image-carousel swiper-wrapper\" aria-live=\"polite\">\n\t\t\t\t\t\t\t\t<div class=\"swiper-slide\" role=\"group\" aria-roledescription=\"slide\" aria-label=\"1 de 3\"><figure class=\"swiper-slide-inner\"><img decoding=\"async\" class=\"swiper-slide-image\" src=\"https:\/\/www.colorandinafoods.com.br\/blog\/wp-content\/uploads\/2025\/03\/yellow-maca-2-768x768.jpg\" alt=\"yellow-maca-2\" \/><\/figure><\/div><div class=\"swiper-slide\" role=\"group\" aria-roledescription=\"slide\" aria-label=\"2 de 3\"><figure class=\"swiper-slide-inner\"><img decoding=\"async\" class=\"swiper-slide-image\" src=\"https:\/\/www.colorandinafoods.com.br\/blog\/wp-content\/uploads\/2025\/03\/rede-maca-2-768x768.jpg\" alt=\"rede-maca-2\" \/><\/figure><\/div><div class=\"swiper-slide\" role=\"group\" aria-roledescription=\"slide\" aria-label=\"3 de 3\"><figure class=\"swiper-slide-inner\"><img decoding=\"async\" class=\"swiper-slide-image\" src=\"https:\/\/www.colorandinafoods.com.br\/blog\/wp-content\/uploads\/2025\/03\/balck-maca2-768x768.jpg\" alt=\"balck-maca2\" \/><\/figure><\/div>\t\t\t<\/div>\n\t\t\t\t\t\t\t\t\t\t\t\t<div class=\"elementor-swiper-button elementor-swiper-button-prev\" role=\"button\" tabindex=\"0\">\n\t\t\t\t\t\t<i aria-hidden=\"true\" class=\"eicon-chevron-left\"><\/i>\t\t\t\t\t<\/div>\n\t\t\t\t\t<div class=\"elementor-swiper-button elementor-swiper-button-next\" role=\"button\" tabindex=\"0\">\n\t\t\t\t\t\t<i aria-hidden=\"true\" class=\"eicon-chevron-right\"><\/i>\t\t\t\t\t<\/div>\n\t\t\t\t\n\t\t\t\t\t\t\t\t\t<\/div>\n\t\t\t\t\t\t<\/div>\n\t\t\t\t<\/div>\n\t\t\t\t\t<\/div>\n\t\t<\/div>\n\t\t\t\t\t<\/div>\n\t\t<\/section>\n\t\t\t\t<section class=\"elementor-section elementor-top-section elementor-element elementor-element-54bfbac elementor-section-boxed elementor-section-height-default elementor-section-height-default\" data-id=\"54bfbac\" data-element_type=\"section\" data-settings=\"{&quot;background_background&quot;:&quot;classic&quot;}\">\n\t\t\t\t\t\t\t<div class=\"elementor-background-overlay\"><\/div>\n\t\t\t\t\t\t\t<div class=\"elementor-container elementor-column-gap-default\">\n\t\t\t\t\t<div class=\"elementor-column elementor-col-100 elementor-top-column elementor-element elementor-element-2daccf9\" data-id=\"2daccf9\" data-element_type=\"column\">\n\t\t\t<div class=\"elementor-widget-wrap elementor-element-populated\">\n\t\t\t\t\t\t<section class=\"elementor-section elementor-inner-section elementor-element elementor-element-33b7367 elementor-section-boxed elementor-section-height-default elementor-section-height-default\" data-id=\"33b7367\" data-element_type=\"section\">\n\t\t\t\t\t\t<div class=\"elementor-container elementor-column-gap-default\">\n\t\t\t\t\t<div class=\"elementor-column elementor-col-50 elementor-inner-column elementor-element elementor-element-0e64ce3\" data-id=\"0e64ce3\" data-element_type=\"column\">\n\t\t\t<div class=\"elementor-widget-wrap elementor-element-populated\">\n\t\t\t\t\t\t<div class=\"elementor-element elementor-element-67ba1e2 elementor-widget elementor-widget-heading\" data-id=\"67ba1e2\" data-element_type=\"widget\" data-widget_type=\"heading.default\">\n\t\t\t\t<div class=\"elementor-widget-container\">\n\t\t\t\t\t<h2 class=\"elementor-heading-title elementor-size-default\">A maca em p\u00f3 preta<font color=\"#C74729\"> n\u00e3o \u00e9 preta?<\/font><\/h2>\t\t\t\t<\/div>\n\t\t\t\t<\/div>\n\t\t\t\t\t<\/div>\n\t\t<\/div>\n\t\t\t\t<div class=\"elementor-column elementor-col-50 elementor-inner-column elementor-element elementor-element-4617cc8\" data-id=\"4617cc8\" data-element_type=\"column\">\n\t\t\t<div class=\"elementor-widget-wrap elementor-element-populated\">\n\t\t\t\t\t\t<div class=\"elementor-element elementor-element-89bd726 elementor-headline--style-highlight elementor-widget elementor-widget-animated-headline\" data-id=\"89bd726\" data-element_type=\"widget\" data-settings=\"{&quot;highlighted_text&quot;:&quot;N\\u00c3O!&quot;,&quot;headline_style&quot;:&quot;highlight&quot;,&quot;marker&quot;:&quot;circle&quot;,&quot;loop&quot;:&quot;yes&quot;,&quot;highlight_animation_duration&quot;:1200,&quot;highlight_iteration_delay&quot;:8000}\" data-widget_type=\"animated-headline.default\">\n\t\t\t\t<div class=\"elementor-widget-container\">\n\t\t\t\t\t\t\t<h3 class=\"elementor-headline\">\n\t\t\t\t<span class=\"elementor-headline-dynamic-wrapper elementor-headline-text-wrapper\">\n\t\t\t\t\t<span class=\"elementor-headline-dynamic-text elementor-headline-text-active\">N\u00c3O!<\/span>\n\t\t\t\t<\/span>\n\t\t\t\t<\/h3>\n\t\t\t\t\t\t<\/div>\n\t\t\t\t<\/div>\n\t\t\t\t\t<\/div>\n\t\t<\/div>\n\t\t\t\t\t<\/div>\n\t\t<\/section>\n\t\t\t\t<div class=\"elementor-element elementor-element-d7539a6 elementor-widget elementor-widget-text-editor\" data-id=\"d7539a6\" data-element_type=\"widget\" data-widget_type=\"text-editor.default\">\n\t\t\t\t<div class=\"elementor-widget-container\">\n\t\t\t\t\t\t\t\t\t<p>Muitas pessoas j\u00e1 nos questionaram isso, pois disseram ter encontrado macas em p\u00f3 com colora\u00e7\u00e3o escura no mercado. Para que isso ocorra, \u00e9 necess\u00e1rio adicionar <strong>componentes qu\u00edmicos, como corantes<\/strong>, para mudar a cor do p\u00f3 da maca.<\/p>\n<p>Para confiar em uma maca 100% natural e certeza que ela \u00e9 pura, procure pigmentos da casca no p\u00f3 dela.<\/p><p>Se n\u00e3o encontrar isso ou notar uma cor muito diferente, ela n\u00e3o \u00e9 natural.&nbsp;<span style=\"color: var( --e-global-color-2ff6df7 );\">Dependendo da composi\u00e7\u00e3o e da quantidade utilizada, os componentes qu\u00edmicos&nbsp;<\/span><strong style=\"color: var( --e-global-color-2ff6df7 );\">podem causar diversos malef\u00edcios<\/strong><span style=\"color: var( --e-global-color-2ff6df7 );\">, como:<\/span><\/p>\t\t\t\t\t\t\t\t<\/div>\n\t\t\t\t<\/div>\n\t\t\t\t<section class=\"elementor-section elementor-inner-section elementor-element elementor-element-6530cfc elementor-section-boxed elementor-section-height-default elementor-section-height-default\" data-id=\"6530cfc\" data-element_type=\"section\">\n\t\t\t\t\t\t<div class=\"elementor-container elementor-column-gap-default\">\n\t\t\t\t\t<div class=\"elementor-column elementor-col-50 elementor-inner-column elementor-element elementor-element-eac97bc\" data-id=\"eac97bc\" data-element_type=\"column\">\n\t\t\t<div class=\"elementor-widget-wrap elementor-element-populated\">\n\t\t\t\t\t\t<div class=\"elementor-element elementor-element-ae61080 elementor-position-left elementor-vertical-align-middle elementor-widget elementor-widget-image-box\" data-id=\"ae61080\" data-element_type=\"widget\" data-widget_type=\"image-box.default\">\n\t\t\t\t<div class=\"elementor-widget-container\">\n\t\t\t\t\t<div class=\"elementor-image-box-wrapper\"><figure class=\"elementor-image-box-img\"><img fetchpriority=\"high\" decoding=\"async\" width=\"256\" height=\"256\" src=\"https:\/\/www.colorandinafoods.com.br\/blog\/wp-content\/uploads\/2025\/03\/allergy.png\" class=\"attachment-full size-full wp-image-77844\" alt=\"\" srcset=\"https:\/\/www.colorandinafoods.com.br\/blog\/wp-content\/uploads\/2025\/03\/allergy.png 256w, https:\/\/www.colorandinafoods.com.br\/blog\/wp-content\/uploads\/2025\/03\/allergy-150x150.png 150w, https:\/\/www.colorandinafoods.com.br\/blog\/wp-content\/uploads\/2025\/03\/allergy-70x70.png 70w, https:\/\/www.colorandinafoods.com.br\/blog\/wp-content\/uploads\/2025\/03\/allergy-100x100.png 100w, https:\/\/www.colorandinafoods.com.br\/blog\/wp-content\/uploads\/2025\/03\/allergy-96x96.png 96w\" sizes=\"(max-width: 256px) 100vw, 256px\" \/><\/figure><div class=\"elementor-image-box-content\"><p class=\"elementor-image-box-description\">Rea\u00e7\u00f5es al\u00e9rgicas e intoler\u00e2ncias<\/p><\/div><\/div>\t\t\t\t<\/div>\n\t\t\t\t<\/div>\n\t\t\t\t\t<\/div>\n\t\t<\/div>\n\t\t\t\t<div class=\"elementor-column elementor-col-50 elementor-inner-column elementor-element elementor-element-c0aa10c\" data-id=\"c0aa10c\" data-element_type=\"column\">\n\t\t\t<div class=\"elementor-widget-wrap elementor-element-populated\">\n\t\t\t\t\t\t<div class=\"elementor-element elementor-element-d565bb0 elementor-position-left elementor-vertical-align-middle elementor-widget elementor-widget-image-box\" data-id=\"d565bb0\" data-element_type=\"widget\" data-widget_type=\"image-box.default\">\n\t\t\t\t<div class=\"elementor-widget-container\">\n\t\t\t\t\t<div class=\"elementor-image-box-wrapper\"><figure class=\"elementor-image-box-img\"><img decoding=\"async\" width=\"256\" height=\"256\" src=\"https:\/\/www.colorandinafoods.com.br\/blog\/wp-content\/uploads\/2025\/03\/stomach.png\" class=\"attachment-full size-full wp-image-77843\" alt=\"\" srcset=\"https:\/\/www.colorandinafoods.com.br\/blog\/wp-content\/uploads\/2025\/03\/stomach.png 256w, https:\/\/www.colorandinafoods.com.br\/blog\/wp-content\/uploads\/2025\/03\/stomach-150x150.png 150w, https:\/\/www.colorandinafoods.com.br\/blog\/wp-content\/uploads\/2025\/03\/stomach-70x70.png 70w, https:\/\/www.colorandinafoods.com.br\/blog\/wp-content\/uploads\/2025\/03\/stomach-100x100.png 100w, https:\/\/www.colorandinafoods.com.br\/blog\/wp-content\/uploads\/2025\/03\/stomach-96x96.png 96w\" sizes=\"(max-width: 256px) 100vw, 256px\" \/><\/figure><div class=\"elementor-image-box-content\"><p class=\"elementor-image-box-description\">Problemas digestivos<\/p><\/div><\/div>\t\t\t\t<\/div>\n\t\t\t\t<\/div>\n\t\t\t\t\t<\/div>\n\t\t<\/div>\n\t\t\t\t\t<\/div>\n\t\t<\/section>\n\t\t\t\t<section class=\"elementor-section elementor-inner-section elementor-element elementor-element-da0506f elementor-section-boxed elementor-section-height-default elementor-section-height-default\" data-id=\"da0506f\" data-element_type=\"section\">\n\t\t\t\t\t\t<div class=\"elementor-container elementor-column-gap-default\">\n\t\t\t\t\t<div class=\"elementor-column elementor-col-50 elementor-inner-column elementor-element elementor-element-5ed139e\" data-id=\"5ed139e\" data-element_type=\"column\">\n\t\t\t<div class=\"elementor-widget-wrap elementor-element-populated\">\n\t\t\t\t\t\t<div class=\"elementor-element elementor-element-4985c59 elementor-position-left elementor-vertical-align-middle elementor-widget elementor-widget-image-box\" data-id=\"4985c59\" data-element_type=\"widget\" data-widget_type=\"image-box.default\">\n\t\t\t\t<div class=\"elementor-widget-container\">\n\t\t\t\t\t<div class=\"elementor-image-box-wrapper\"><figure class=\"elementor-image-box-img\"><img decoding=\"async\" width=\"256\" height=\"256\" src=\"https:\/\/www.colorandinafoods.com.br\/blog\/wp-content\/uploads\/2025\/03\/warning.png\" class=\"attachment-full size-full wp-image-77842\" alt=\"\" srcset=\"https:\/\/www.colorandinafoods.com.br\/blog\/wp-content\/uploads\/2025\/03\/warning.png 256w, https:\/\/www.colorandinafoods.com.br\/blog\/wp-content\/uploads\/2025\/03\/warning-150x150.png 150w, https:\/\/www.colorandinafoods.com.br\/blog\/wp-content\/uploads\/2025\/03\/warning-70x70.png 70w, https:\/\/www.colorandinafoods.com.br\/blog\/wp-content\/uploads\/2025\/03\/warning-100x100.png 100w, https:\/\/www.colorandinafoods.com.br\/blog\/wp-content\/uploads\/2025\/03\/warning-96x96.png 96w\" sizes=\"(max-width: 256px) 100vw, 256px\" \/><\/figure><div class=\"elementor-image-box-content\"><p class=\"elementor-image-box-description\">Hiperatividade e d\u00e9ficit de aten\u00e7\u00e3o<\/p><\/div><\/div>\t\t\t\t<\/div>\n\t\t\t\t<\/div>\n\t\t\t\t\t<\/div>\n\t\t<\/div>\n\t\t\t\t<div class=\"elementor-column elementor-col-50 elementor-inner-column elementor-element elementor-element-c51ff3a\" data-id=\"c51ff3a\" data-element_type=\"column\">\n\t\t\t<div class=\"elementor-widget-wrap elementor-element-populated\">\n\t\t\t\t\t\t<div class=\"elementor-element elementor-element-9580623 elementor-position-left elementor-vertical-align-middle elementor-widget elementor-widget-image-box\" data-id=\"9580623\" data-element_type=\"widget\" data-widget_type=\"image-box.default\">\n\t\t\t\t<div class=\"elementor-widget-container\">\n\t\t\t\t\t<div class=\"elementor-image-box-wrapper\"><figure class=\"elementor-image-box-img\"><img loading=\"lazy\" decoding=\"async\" width=\"256\" height=\"256\" src=\"https:\/\/www.colorandinafoods.com.br\/blog\/wp-content\/uploads\/2025\/03\/toxic.png\" class=\"attachment-full size-full wp-image-77841\" alt=\"\" srcset=\"https:\/\/www.colorandinafoods.com.br\/blog\/wp-content\/uploads\/2025\/03\/toxic.png 256w, https:\/\/www.colorandinafoods.com.br\/blog\/wp-content\/uploads\/2025\/03\/toxic-150x150.png 150w, https:\/\/www.colorandinafoods.com.br\/blog\/wp-content\/uploads\/2025\/03\/toxic-70x70.png 70w, https:\/\/www.colorandinafoods.com.br\/blog\/wp-content\/uploads\/2025\/03\/toxic-100x100.png 100w, https:\/\/www.colorandinafoods.com.br\/blog\/wp-content\/uploads\/2025\/03\/toxic-96x96.png 96w\" sizes=\"(max-width: 256px) 100vw, 256px\" \/><\/figure><div class=\"elementor-image-box-content\"><p class=\"elementor-image-box-description\">Potencial t\u00f3xico e risco de c\u00e2ncer<\/p><\/div><\/div>\t\t\t\t<\/div>\n\t\t\t\t<\/div>\n\t\t\t\t\t<\/div>\n\t\t<\/div>\n\t\t\t\t\t<\/div>\n\t\t<\/section>\n\t\t\t\t<section class=\"elementor-section elementor-inner-section elementor-element elementor-element-f96642e elementor-section-boxed elementor-section-height-default elementor-section-height-default\" data-id=\"f96642e\" data-element_type=\"section\">\n\t\t\t\t\t\t<div class=\"elementor-container elementor-column-gap-default\">\n\t\t\t\t\t<div class=\"elementor-column elementor-col-50 elementor-inner-column elementor-element elementor-element-013098d\" data-id=\"013098d\" data-element_type=\"column\">\n\t\t\t<div class=\"elementor-widget-wrap elementor-element-populated\">\n\t\t\t\t\t\t<div class=\"elementor-element elementor-element-f8a76e0 elementor-position-left elementor-vertical-align-middle elementor-widget elementor-widget-image-box\" data-id=\"f8a76e0\" data-element_type=\"widget\" data-widget_type=\"image-box.default\">\n\t\t\t\t<div class=\"elementor-widget-container\">\n\t\t\t\t\t<div class=\"elementor-image-box-wrapper\"><figure class=\"elementor-image-box-img\"><img loading=\"lazy\" decoding=\"async\" width=\"256\" height=\"256\" src=\"https:\/\/www.colorandinafoods.com.br\/blog\/wp-content\/uploads\/2025\/03\/human.png\" class=\"attachment-full size-full wp-image-77840\" alt=\"\" srcset=\"https:\/\/www.colorandinafoods.com.br\/blog\/wp-content\/uploads\/2025\/03\/human.png 256w, https:\/\/www.colorandinafoods.com.br\/blog\/wp-content\/uploads\/2025\/03\/human-150x150.png 150w, https:\/\/www.colorandinafoods.com.br\/blog\/wp-content\/uploads\/2025\/03\/human-70x70.png 70w, https:\/\/www.colorandinafoods.com.br\/blog\/wp-content\/uploads\/2025\/03\/human-100x100.png 100w, https:\/\/www.colorandinafoods.com.br\/blog\/wp-content\/uploads\/2025\/03\/human-96x96.png 96w\" sizes=\"(max-width: 256px) 100vw, 256px\" \/><\/figure><div class=\"elementor-image-box-content\"><p class=\"elementor-image-box-description\">Desequil\u00edbrio na microbiota intestinal<\/p><\/div><\/div>\t\t\t\t<\/div>\n\t\t\t\t<\/div>\n\t\t\t\t\t<\/div>\n\t\t<\/div>\n\t\t\t\t<div class=\"elementor-column elementor-col-50 elementor-inner-column elementor-element elementor-element-14c24bd\" data-id=\"14c24bd\" data-element_type=\"column\">\n\t\t\t<div class=\"elementor-widget-wrap elementor-element-populated\">\n\t\t\t\t\t\t<div class=\"elementor-element elementor-element-ce0da84 elementor-position-left elementor-vertical-align-middle elementor-widget elementor-widget-image-box\" data-id=\"ce0da84\" data-element_type=\"widget\" data-widget_type=\"image-box.default\">\n\t\t\t\t<div class=\"elementor-widget-container\">\n\t\t\t\t\t<div class=\"elementor-image-box-wrapper\"><figure class=\"elementor-image-box-img\"><img loading=\"lazy\" decoding=\"async\" width=\"256\" height=\"256\" src=\"https:\/\/www.colorandinafoods.com.br\/blog\/wp-content\/uploads\/2025\/03\/diabetes-test.png\" class=\"attachment-full size-full wp-image-77839\" alt=\"\" srcset=\"https:\/\/www.colorandinafoods.com.br\/blog\/wp-content\/uploads\/2025\/03\/diabetes-test.png 256w, https:\/\/www.colorandinafoods.com.br\/blog\/wp-content\/uploads\/2025\/03\/diabetes-test-150x150.png 150w, https:\/\/www.colorandinafoods.com.br\/blog\/wp-content\/uploads\/2025\/03\/diabetes-test-70x70.png 70w, https:\/\/www.colorandinafoods.com.br\/blog\/wp-content\/uploads\/2025\/03\/diabetes-test-100x100.png 100w, https:\/\/www.colorandinafoods.com.br\/blog\/wp-content\/uploads\/2025\/03\/diabetes-test-96x96.png 96w\" sizes=\"(max-width: 256px) 100vw, 256px\" \/><\/figure><div class=\"elementor-image-box-content\"><p class=\"elementor-image-box-description\">Diabetes<\/p><\/div><\/div>\t\t\t\t<\/div>\n\t\t\t\t<\/div>\n\t\t\t\t\t<\/div>\n\t\t<\/div>\n\t\t\t\t\t<\/div>\n\t\t<\/section>\n\t\t\t\t<section class=\"elementor-section elementor-inner-section elementor-element elementor-element-bc07084 elementor-section-boxed elementor-section-height-default elementor-section-height-default\" data-id=\"bc07084\" data-element_type=\"section\">\n\t\t\t\t\t\t<div class=\"elementor-container elementor-column-gap-default\">\n\t\t\t\t\t<div class=\"elementor-column elementor-col-50 elementor-inner-column elementor-element elementor-element-f7784e3\" data-id=\"f7784e3\" data-element_type=\"column\">\n\t\t\t<div class=\"elementor-widget-wrap elementor-element-populated\">\n\t\t\t\t\t\t<div class=\"elementor-element elementor-element-e40fc95 elementor-position-left elementor-vertical-align-middle elementor-widget elementor-widget-image-box\" data-id=\"e40fc95\" data-element_type=\"widget\" data-widget_type=\"image-box.default\">\n\t\t\t\t<div class=\"elementor-widget-container\">\n\t\t\t\t\t<div class=\"elementor-image-box-wrapper\"><figure class=\"elementor-image-box-img\"><img loading=\"lazy\" decoding=\"async\" width=\"256\" height=\"256\" src=\"https:\/\/www.colorandinafoods.com.br\/blog\/wp-content\/uploads\/2025\/03\/overweight.png\" class=\"attachment-full size-full wp-image-77838\" alt=\"\" srcset=\"https:\/\/www.colorandinafoods.com.br\/blog\/wp-content\/uploads\/2025\/03\/overweight.png 256w, https:\/\/www.colorandinafoods.com.br\/blog\/wp-content\/uploads\/2025\/03\/overweight-150x150.png 150w, https:\/\/www.colorandinafoods.com.br\/blog\/wp-content\/uploads\/2025\/03\/overweight-70x70.png 70w, https:\/\/www.colorandinafoods.com.br\/blog\/wp-content\/uploads\/2025\/03\/overweight-100x100.png 100w, https:\/\/www.colorandinafoods.com.br\/blog\/wp-content\/uploads\/2025\/03\/overweight-96x96.png 96w\" sizes=\"(max-width: 256px) 100vw, 256px\" \/><\/figure><div class=\"elementor-image-box-content\"><p class=\"elementor-image-box-description\">Obesidade<\/p><\/div><\/div>\t\t\t\t<\/div>\n\t\t\t\t<\/div>\n\t\t\t\t\t<\/div>\n\t\t<\/div>\n\t\t\t\t<div class=\"elementor-column elementor-col-50 elementor-inner-column elementor-element elementor-element-5a55e49\" data-id=\"5a55e49\" data-element_type=\"column\">\n\t\t\t<div class=\"elementor-widget-wrap elementor-element-populated\">\n\t\t\t\t\t\t<div class=\"elementor-element elementor-element-0451337 elementor-position-left elementor-vertical-align-middle elementor-widget elementor-widget-image-box\" data-id=\"0451337\" data-element_type=\"widget\" data-widget_type=\"image-box.default\">\n\t\t\t\t<div class=\"elementor-widget-container\">\n\t\t\t\t\t<div class=\"elementor-image-box-wrapper\"><figure class=\"elementor-image-box-img\"><img loading=\"lazy\" decoding=\"async\" width=\"256\" height=\"256\" src=\"https:\/\/www.colorandinafoods.com.br\/blog\/wp-content\/uploads\/2025\/03\/hearth.png\" class=\"attachment-full size-full wp-image-77837\" alt=\"\" srcset=\"https:\/\/www.colorandinafoods.com.br\/blog\/wp-content\/uploads\/2025\/03\/hearth.png 256w, https:\/\/www.colorandinafoods.com.br\/blog\/wp-content\/uploads\/2025\/03\/hearth-150x150.png 150w, https:\/\/www.colorandinafoods.com.br\/blog\/wp-content\/uploads\/2025\/03\/hearth-70x70.png 70w, https:\/\/www.colorandinafoods.com.br\/blog\/wp-content\/uploads\/2025\/03\/hearth-100x100.png 100w, https:\/\/www.colorandinafoods.com.br\/blog\/wp-content\/uploads\/2025\/03\/hearth-96x96.png 96w\" sizes=\"(max-width: 256px) 100vw, 256px\" \/><\/figure><div class=\"elementor-image-box-content\"><p class=\"elementor-image-box-description\">Doen\u00e7as cardiovasculares<\/p><\/div><\/div>\t\t\t\t<\/div>\n\t\t\t\t<\/div>\n\t\t\t\t\t<\/div>\n\t\t<\/div>\n\t\t\t\t\t<\/div>\n\t\t<\/section>\n\t\t<div class=\"elementor-element elementor-element-8cf9517 e-flex e-con-boxed e-con e-parent\" data-id=\"8cf9517\" data-element_type=\"container\">\n\t\t\t\t\t<div class=\"e-con-inner\">\n\t\t\t\t\t<\/div>\n\t\t\t\t<\/div>\n\t\t<div class=\"elementor-element elementor-element-2070c1f e-flex e-con-boxed e-con e-parent\" data-id=\"2070c1f\" data-element_type=\"container\">\n\t\t\t\t\t<div class=\"e-con-inner\">\n\t\t\t\t<div class=\"elementor-element elementor-element-2e733ed elementor-widget__width-initial elementor-widget elementor-widget-video\" data-id=\"2e733ed\" data-element_type=\"widget\" data-settings=\"{&quot;youtube_url&quot;:&quot;https:\\\/\\\/www.youtube.com\\\/watch?v=1PlFAC5SMpk&quot;,&quot;video_type&quot;:&quot;youtube&quot;,&quot;controls&quot;:&quot;yes&quot;}\" data-widget_type=\"video.default\">\n\t\t\t\t<div class=\"elementor-widget-container\">\n\t\t\t\t\t\t\t<div class=\"elementor-wrapper elementor-open-inline\">\n\t\t\t<div class=\"elementor-video\"><\/div>\t\t<\/div>\n\t\t\t\t\t\t<\/div>\n\t\t\t\t<\/div>\n\t\t\t\t\t<\/div>\n\t\t\t\t<\/div>\n\t\t\t\t<div class=\"elementor-element elementor-element-31b0054 elementor-widget elementor-widget-heading\" data-id=\"31b0054\" data-element_type=\"widget\" data-widget_type=\"heading.default\">\n\t\t\t\t<div class=\"elementor-widget-container\">\n\t\t\t\t\t<h2 class=\"elementor-heading-title elementor-size-default\">Leia <font color=\"#C74729\">Mais:<\/font><\/h2>\t\t\t\t<\/div>\n\t\t\t\t<\/div>\n\t\t\t\t<section class=\"elementor-section elementor-inner-section elementor-element elementor-element-fceae33 elementor-section-boxed elementor-section-height-default elementor-section-height-default\" data-id=\"fceae33\" data-element_type=\"section\">\n\t\t\t\t\t\t<div class=\"elementor-container elementor-column-gap-default\">\n\t\t\t\t\t<div class=\"elementor-column elementor-col-33 elementor-inner-column elementor-element elementor-element-f5c5963\" data-id=\"f5c5963\" data-element_type=\"column\">\n\t\t\t<div class=\"elementor-widget-wrap elementor-element-populated\">\n\t\t\t\t\t\t<div class=\"elementor-element elementor-element-d15a4ec elementor-widget elementor-widget-image\" data-id=\"d15a4ec\" data-element_type=\"widget\" data-widget_type=\"image.default\">\n\t\t\t\t<div class=\"elementor-widget-container\">\n\t\t\t\t\t\t\t\t\t\t\t\t\t\t\t<img loading=\"lazy\" decoding=\"async\" width=\"350\" height=\"200\" src=\"https:\/\/www.colorandinafoods.com.br\/blog\/wp-content\/uploads\/2025\/03\/logo-minha-vida.jpg\" class=\"attachment-large size-large wp-image-77845\" alt=\"\" srcset=\"https:\/\/www.colorandinafoods.com.br\/blog\/wp-content\/uploads\/2025\/03\/logo-minha-vida.jpg 350w, https:\/\/www.colorandinafoods.com.br\/blog\/wp-content\/uploads\/2025\/03\/logo-minha-vida-300x171.jpg 300w, https:\/\/www.colorandinafoods.com.br\/blog\/wp-content\/uploads\/2025\/03\/logo-minha-vida-150x86.jpg 150w\" sizes=\"(max-width: 350px) 100vw, 350px\" \/>\t\t\t\t\t\t\t\t\t\t\t\t\t\t\t<\/div>\n\t\t\t\t<\/div>\n\t\t\t\t<div class=\"elementor-element elementor-element-015d7e4 elementor-align-center elementor-widget elementor-widget-button\" data-id=\"015d7e4\" data-element_type=\"widget\" data-widget_type=\"button.default\">\n\t\t\t\t<div class=\"elementor-widget-container\">\n\t\t\t\t\t\t\t\t\t<div class=\"elementor-button-wrapper\">\n\t\t\t\t\t<a class=\"elementor-button elementor-button-link elementor-size-sm\" href=\"https:\/\/www.minhavida.com.br\/materias\/materia-24072\" target=\"_blank\">\n\t\t\t\t\t\t<span class=\"elementor-button-content-wrapper\">\n\t\t\t\t\t\t<span class=\"elementor-button-icon\">\n\t\t\t\t<i aria-hidden=\"true\" class=\"fas fa-chevron-right\"><\/i>\t\t\t<\/span>\n\t\t\t\t\t\t\t\t\t<span class=\"elementor-button-text\">VER MAT\u00c9RIA<\/span>\n\t\t\t\t\t<\/span>\n\t\t\t\t\t<\/a>\n\t\t\t\t<\/div>\n\t\t\t\t\t\t\t\t<\/div>\n\t\t\t\t<\/div>\n\t\t\t\t\t<\/div>\n\t\t<\/div>\n\t\t\t\t<div class=\"elementor-column elementor-col-33 elementor-inner-column elementor-element elementor-element-34aa6f2\" data-id=\"34aa6f2\" data-element_type=\"column\">\n\t\t\t<div class=\"elementor-widget-wrap elementor-element-populated\">\n\t\t\t\t\t\t<div class=\"elementor-element elementor-element-71500ab elementor-widget elementor-widget-image\" data-id=\"71500ab\" data-element_type=\"widget\" data-widget_type=\"image.default\">\n\t\t\t\t<div class=\"elementor-widget-container\">\n\t\t\t\t\t\t\t\t\t\t\t\t\t\t\t<img loading=\"lazy\" decoding=\"async\" width=\"350\" height=\"200\" src=\"https:\/\/www.colorandinafoods.com.br\/blog\/wp-content\/uploads\/2025\/03\/logo-terra.jpg\" class=\"attachment-large size-large wp-image-77846\" alt=\"\" srcset=\"https:\/\/www.colorandinafoods.com.br\/blog\/wp-content\/uploads\/2025\/03\/logo-terra.jpg 350w, https:\/\/www.colorandinafoods.com.br\/blog\/wp-content\/uploads\/2025\/03\/logo-terra-300x171.jpg 300w, https:\/\/www.colorandinafoods.com.br\/blog\/wp-content\/uploads\/2025\/03\/logo-terra-150x86.jpg 150w\" sizes=\"(max-width: 350px) 100vw, 350px\" \/>\t\t\t\t\t\t\t\t\t\t\t\t\t\t\t<\/div>\n\t\t\t\t<\/div>\n\t\t\t\t<div class=\"elementor-element elementor-element-3ba569a elementor-align-center elementor-widget elementor-widget-button\" data-id=\"3ba569a\" data-element_type=\"widget\" data-widget_type=\"button.default\">\n\t\t\t\t<div class=\"elementor-widget-container\">\n\t\t\t\t\t\t\t\t\t<div class=\"elementor-button-wrapper\">\n\t\t\t\t\t<a class=\"elementor-button elementor-button-link elementor-size-sm\" href=\"https:\/\/www.terra.com.br\/vida-e-estilo\/saude\/voce-sabia-corante-vermelho-pode-causar-danos-ao-intestino,21696305f8b95d6a0a1b08a318b96b1cnc1deyv7.html\" target=\"_blank\">\n\t\t\t\t\t\t<span class=\"elementor-button-content-wrapper\">\n\t\t\t\t\t\t<span class=\"elementor-button-icon\">\n\t\t\t\t<i aria-hidden=\"true\" class=\"fas fa-chevron-right\"><\/i>\t\t\t<\/span>\n\t\t\t\t\t\t\t\t\t<span class=\"elementor-button-text\">VER MAT\u00c9RIA<\/span>\n\t\t\t\t\t<\/span>\n\t\t\t\t\t<\/a>\n\t\t\t\t<\/div>\n\t\t\t\t\t\t\t\t<\/div>\n\t\t\t\t<\/div>\n\t\t\t\t\t<\/div>\n\t\t<\/div>\n\t\t\t\t<div class=\"elementor-column elementor-col-33 elementor-inner-column elementor-element elementor-element-2e9dd95\" data-id=\"2e9dd95\" data-element_type=\"column\">\n\t\t\t<div class=\"elementor-widget-wrap elementor-element-populated\">\n\t\t\t\t\t\t<div class=\"elementor-element elementor-element-c9246e3 elementor-widget elementor-widget-image\" data-id=\"c9246e3\" data-element_type=\"widget\" data-widget_type=\"image.default\">\n\t\t\t\t<div class=\"elementor-widget-container\">\n\t\t\t\t\t\t\t\t\t\t\t\t\t\t\t<img loading=\"lazy\" decoding=\"async\" width=\"350\" height=\"200\" src=\"https:\/\/www.colorandinafoods.com.br\/blog\/wp-content\/uploads\/2025\/03\/logo-idec.jpg\" class=\"attachment-large size-large wp-image-77847\" alt=\"\" srcset=\"https:\/\/www.colorandinafoods.com.br\/blog\/wp-content\/uploads\/2025\/03\/logo-idec.jpg 350w, https:\/\/www.colorandinafoods.com.br\/blog\/wp-content\/uploads\/2025\/03\/logo-idec-300x171.jpg 300w, https:\/\/www.colorandinafoods.com.br\/blog\/wp-content\/uploads\/2025\/03\/logo-idec-150x86.jpg 150w\" sizes=\"(max-width: 350px) 100vw, 350px\" \/>\t\t\t\t\t\t\t\t\t\t\t\t\t\t\t<\/div>\n\t\t\t\t<\/div>\n\t\t\t\t<div class=\"elementor-element elementor-element-a95e8a9 elementor-align-center elementor-widget elementor-widget-button\" data-id=\"a95e8a9\" data-element_type=\"widget\" data-widget_type=\"button.default\">\n\t\t\t\t<div class=\"elementor-widget-container\">\n\t\t\t\t\t\t\t\t\t<div class=\"elementor-button-wrapper\">\n\t\t\t\t\t<a class=\"elementor-button elementor-button-link elementor-size-sm\" href=\"https:\/\/idec.org.br\/consultas\/dicas-e-direitos\/cuidados-com-os-corantes-dos-alimentos\" target=\"_blank\">\n\t\t\t\t\t\t<span class=\"elementor-button-content-wrapper\">\n\t\t\t\t\t\t<span class=\"elementor-button-icon\">\n\t\t\t\t<i aria-hidden=\"true\" class=\"fas fa-chevron-right\"><\/i>\t\t\t<\/span>\n\t\t\t\t\t\t\t\t\t<span class=\"elementor-button-text\">VER MAT\u00c9RIA<\/span>\n\t\t\t\t\t<\/span>\n\t\t\t\t\t<\/a>\n\t\t\t\t<\/div>\n\t\t\t\t\t\t\t\t<\/div>\n\t\t\t\t<\/div>\n\t\t\t\t\t<\/div>\n\t\t<\/div>\n\t\t\t\t\t<\/div>\n\t\t<\/section>\n\t\t\t\t\t<\/div>\n\t\t<\/div>\n\t\t\t\t\t<\/div>\n\t\t<\/section>\n\t\t\t\t<\/div>\n\t\t","protected":false},"excerpt":{"rendered":"<p>Voc\u00ea sabia que toda maca em p\u00f3 tem a mesma cor? O tub\u00e9rculo, em seu formato original, tem colora\u00e7\u00f5es pr\u00f3ximas ao preto, vermelho e amarelo, como as macas s\u00e3o conhecidas. Mas ap\u00f3s os processos necess\u00e1rios para que a maca fique em p\u00f3, ela tem uma colora\u00e7\u00e3o igual, em um tom pastel como bege claro, como<\/p>\n<p class=\"link-more\"><a href=\"https:\/\/www.colorandinafoods.com.br\/blog\/cor-da-maca-em-po\/\" class=\"more-link\"><span>Read More<\/span><\/a><\/p>\n","protected":false},"author":1,"featured_media":77799,"parent":0,"menu_order":0,"comment_status":"closed","ping_status":"closed","template":"elementor_header_footer","meta":{"footnotes":""},"class_list":["post-77791","page","type-page","status-publish","has-post-thumbnail","hentry"],"yoast_head":"<!-- This site is optimized with the Yoast SEO plugin v24.2 - https:\/\/yoast.com\/wordpress\/plugins\/seo\/ -->\n<title>Cor da Maca em P\u00f3<\/title>\n<meta name=\"description\" content=\"O tub\u00e9rculo, em seu formato original, tem colora\u00e7\u00f5es pr\u00f3ximas ao preto, vermelho e amarelo. Mas ap\u00f3s os processos necess\u00e1rios para que a maca fique em p\u00f3, ela tem uma colora\u00e7\u00e3o igual, em um tom pastel como bege claro.\" \/>\n<meta name=\"robots\" content=\"index, follow, max-snippet:-1, max-image-preview:large, max-video-preview:-1\" \/>\n<link rel=\"canonical\" href=\"https:\/\/www.colorandinafoods.com.br\/blog\/cor-da-maca-em-po\/\" \/>\n<meta property=\"og:locale\" content=\"pt_BR\" \/>\n<meta property=\"og:type\" content=\"article\" \/>\n<meta property=\"og:title\" content=\"Maca gelatinizada \u00e9 a melhor op\u00e7\u00e3o?\" \/>\n<meta property=\"og:description\" content=\"Estudo comprova queda em nutrientes importantes ap\u00f3s processo necess\u00e1rio para gelatiniza\u00e7\u00e3o, al\u00e9m da presen\u00e7a de elemento qu\u00edmico.\" \/>\n<meta property=\"og:url\" content=\"https:\/\/www.colorandinafoods.com.br\/blog\/cor-da-maca-em-po\/\" \/>\n<meta property=\"og:site_name\" content=\"Color Andina Foods\" \/>\n<meta property=\"article:modified_time\" content=\"2025-08-18T14:30:28+00:00\" \/>\n<meta property=\"og:image\" content=\"https:\/\/www.colorandinafoods.com.br\/blog\/wp-content\/uploads\/2025\/03\/red-maca.jpg\" \/>\n\t<meta property=\"og:image:width\" content=\"800\" \/>\n\t<meta property=\"og:image:height\" content=\"800\" \/>\n\t<meta property=\"og:image:type\" content=\"image\/jpeg\" \/>\n<meta name=\"twitter:card\" content=\"summary_large_image\" \/>\n<meta name=\"twitter:title\" content=\"Maca gelatinizada \u00e9 a melhor op\u00e7\u00e3o?\" \/>\n<meta name=\"twitter:description\" content=\"Estudo comprova queda em nutrientes importantes ap\u00f3s processo necess\u00e1rio para gelatiniza\u00e7\u00e3o, al\u00e9m da presen\u00e7a de elemento qu\u00edmico.\" \/>\n<meta name=\"twitter:label1\" content=\"Est. tempo de leitura\" \/>\n\t<meta name=\"twitter:data1\" content=\"4 minutos\" \/>\n<script type=\"application\/ld+json\" class=\"yoast-schema-graph\">{\"@context\":\"https:\/\/schema.org\",\"@graph\":[{\"@type\":\"WebPage\",\"@id\":\"https:\/\/www.colorandinafoods.com.br\/blog\/cor-da-maca-em-po\/\",\"url\":\"https:\/\/www.colorandinafoods.com.br\/blog\/cor-da-maca-em-po\/\",\"name\":\"Cor da Maca em P\u00f3\",\"isPartOf\":{\"@id\":\"https:\/\/www.colorandinafoods.com.br\/blog\/#website\"},\"primaryImageOfPage\":{\"@id\":\"https:\/\/www.colorandinafoods.com.br\/blog\/cor-da-maca-em-po\/#primaryimage\"},\"image\":{\"@id\":\"https:\/\/www.colorandinafoods.com.br\/blog\/cor-da-maca-em-po\/#primaryimage\"},\"thumbnailUrl\":\"https:\/\/www.colorandinafoods.com.br\/blog\/wp-content\/uploads\/2025\/03\/red-maca.jpg\",\"datePublished\":\"2025-03-14T23:59:23+00:00\",\"dateModified\":\"2025-08-18T14:30:28+00:00\",\"description\":\"O tub\u00e9rculo, em seu formato original, tem colora\u00e7\u00f5es pr\u00f3ximas ao preto, vermelho e amarelo. Mas ap\u00f3s os processos necess\u00e1rios para que a maca fique em p\u00f3, ela tem uma colora\u00e7\u00e3o igual, em um tom pastel como bege claro.\",\"breadcrumb\":{\"@id\":\"https:\/\/www.colorandinafoods.com.br\/blog\/cor-da-maca-em-po\/#breadcrumb\"},\"inLanguage\":\"pt-BR\",\"potentialAction\":[{\"@type\":\"ReadAction\",\"target\":[\"https:\/\/www.colorandinafoods.com.br\/blog\/cor-da-maca-em-po\/\"]}]},{\"@type\":\"ImageObject\",\"inLanguage\":\"pt-BR\",\"@id\":\"https:\/\/www.colorandinafoods.com.br\/blog\/cor-da-maca-em-po\/#primaryimage\",\"url\":\"https:\/\/www.colorandinafoods.com.br\/blog\/wp-content\/uploads\/2025\/03\/red-maca.jpg\",\"contentUrl\":\"https:\/\/www.colorandinafoods.com.br\/blog\/wp-content\/uploads\/2025\/03\/red-maca.jpg\",\"width\":800,\"height\":800},{\"@type\":\"BreadcrumbList\",\"@id\":\"https:\/\/www.colorandinafoods.com.br\/blog\/cor-da-maca-em-po\/#breadcrumb\",\"itemListElement\":[{\"@type\":\"ListItem\",\"position\":1,\"name\":\"In\u00edcio\",\"item\":\"https:\/\/www.colorandinafoods.com.br\/blog\/\"},{\"@type\":\"ListItem\",\"position\":2,\"name\":\"Cor da Maca em P\u00f3\"}]},{\"@type\":\"WebSite\",\"@id\":\"https:\/\/www.colorandinafoods.com.br\/blog\/#website\",\"url\":\"https:\/\/www.colorandinafoods.com.br\/blog\/\",\"name\":\"Color Andina Foods\",\"description\":\"Paix\u00e3o pelo natural!\",\"potentialAction\":[{\"@type\":\"SearchAction\",\"target\":{\"@type\":\"EntryPoint\",\"urlTemplate\":\"https:\/\/www.colorandinafoods.com.br\/blog\/?s={search_term_string}\"},\"query-input\":{\"@type\":\"PropertyValueSpecification\",\"valueRequired\":true,\"valueName\":\"search_term_string\"}}],\"inLanguage\":\"pt-BR\"}]}<\/script>\n<!-- \/ Yoast SEO plugin. -->","yoast_head_json":{"title":"Cor da Maca em P\u00f3","description":"O tub\u00e9rculo, em seu formato original, tem colora\u00e7\u00f5es pr\u00f3ximas ao preto, vermelho e amarelo. Mas ap\u00f3s os processos necess\u00e1rios para que a maca fique em p\u00f3, ela tem uma colora\u00e7\u00e3o igual, em um tom pastel como bege claro.","robots":{"index":"index","follow":"follow","max-snippet":"max-snippet:-1","max-image-preview":"max-image-preview:large","max-video-preview":"max-video-preview:-1"},"canonical":"https:\/\/www.colorandinafoods.com.br\/blog\/cor-da-maca-em-po\/","og_locale":"pt_BR","og_type":"article","og_title":"Maca gelatinizada \u00e9 a melhor op\u00e7\u00e3o?","og_description":"Estudo comprova queda em nutrientes importantes ap\u00f3s processo necess\u00e1rio para gelatiniza\u00e7\u00e3o, al\u00e9m da presen\u00e7a de elemento qu\u00edmico.","og_url":"https:\/\/www.colorandinafoods.com.br\/blog\/cor-da-maca-em-po\/","og_site_name":"Color Andina Foods","article_modified_time":"2025-08-18T14:30:28+00:00","og_image":[{"width":800,"height":800,"url":"https:\/\/www.colorandinafoods.com.br\/blog\/wp-content\/uploads\/2025\/03\/red-maca.jpg","type":"image\/jpeg"}],"twitter_card":"summary_large_image","twitter_title":"Maca gelatinizada \u00e9 a melhor op\u00e7\u00e3o?","twitter_description":"Estudo comprova queda em nutrientes importantes ap\u00f3s processo necess\u00e1rio para gelatiniza\u00e7\u00e3o, al\u00e9m da presen\u00e7a de elemento qu\u00edmico.","twitter_misc":{"Est. tempo de leitura":"4 minutos"},"schema":{"@context":"https:\/\/schema.org","@graph":[{"@type":"WebPage","@id":"https:\/\/www.colorandinafoods.com.br\/blog\/cor-da-maca-em-po\/","url":"https:\/\/www.colorandinafoods.com.br\/blog\/cor-da-maca-em-po\/","name":"Cor da Maca em P\u00f3","isPartOf":{"@id":"https:\/\/www.colorandinafoods.com.br\/blog\/#website"},"primaryImageOfPage":{"@id":"https:\/\/www.colorandinafoods.com.br\/blog\/cor-da-maca-em-po\/#primaryimage"},"image":{"@id":"https:\/\/www.colorandinafoods.com.br\/blog\/cor-da-maca-em-po\/#primaryimage"},"thumbnailUrl":"https:\/\/www.colorandinafoods.com.br\/blog\/wp-content\/uploads\/2025\/03\/red-maca.jpg","datePublished":"2025-03-14T23:59:23+00:00","dateModified":"2025-08-18T14:30:28+00:00","description":"O tub\u00e9rculo, em seu formato original, tem colora\u00e7\u00f5es pr\u00f3ximas ao preto, vermelho e amarelo. Mas ap\u00f3s os processos necess\u00e1rios para que a maca fique em p\u00f3, ela tem uma colora\u00e7\u00e3o igual, em um tom pastel como bege claro.","breadcrumb":{"@id":"https:\/\/www.colorandinafoods.com.br\/blog\/cor-da-maca-em-po\/#breadcrumb"},"inLanguage":"pt-BR","potentialAction":[{"@type":"ReadAction","target":["https:\/\/www.colorandinafoods.com.br\/blog\/cor-da-maca-em-po\/"]}]},{"@type":"ImageObject","inLanguage":"pt-BR","@id":"https:\/\/www.colorandinafoods.com.br\/blog\/cor-da-maca-em-po\/#primaryimage","url":"https:\/\/www.colorandinafoods.com.br\/blog\/wp-content\/uploads\/2025\/03\/red-maca.jpg","contentUrl":"https:\/\/www.colorandinafoods.com.br\/blog\/wp-content\/uploads\/2025\/03\/red-maca.jpg","width":800,"height":800},{"@type":"BreadcrumbList","@id":"https:\/\/www.colorandinafoods.com.br\/blog\/cor-da-maca-em-po\/#breadcrumb","itemListElement":[{"@type":"ListItem","position":1,"name":"In\u00edcio","item":"https:\/\/www.colorandinafoods.com.br\/blog\/"},{"@type":"ListItem","position":2,"name":"Cor da Maca em P\u00f3"}]},{"@type":"WebSite","@id":"https:\/\/www.colorandinafoods.com.br\/blog\/#website","url":"https:\/\/www.colorandinafoods.com.br\/blog\/","name":"Color Andina Foods","description":"Paix\u00e3o pelo natural!","potentialAction":[{"@type":"SearchAction","target":{"@type":"EntryPoint","urlTemplate":"https:\/\/www.colorandinafoods.com.br\/blog\/?s={search_term_string}"},"query-input":{"@type":"PropertyValueSpecification","valueRequired":true,"valueName":"search_term_string"}}],"inLanguage":"pt-BR"}]}},"_links":{"self":[{"href":"https:\/\/www.colorandinafoods.com.br\/blog\/wp-json\/wp\/v2\/pages\/77791","targetHints":{"allow":["GET"]}}],"collection":[{"href":"https:\/\/www.colorandinafoods.com.br\/blog\/wp-json\/wp\/v2\/pages"}],"about":[{"href":"https:\/\/www.colorandinafoods.com.br\/blog\/wp-json\/wp\/v2\/types\/page"}],"author":[{"embeddable":true,"href":"https:\/\/www.colorandinafoods.com.br\/blog\/wp-json\/wp\/v2\/users\/1"}],"replies":[{"embeddable":true,"href":"https:\/\/www.colorandinafoods.com.br\/blog\/wp-json\/wp\/v2\/comments?post=77791"}],"version-history":[{"count":42,"href":"https:\/\/www.colorandinafoods.com.br\/blog\/wp-json\/wp\/v2\/pages\/77791\/revisions"}],"predecessor-version":[{"id":91039,"href":"https:\/\/www.colorandinafoods.com.br\/blog\/wp-json\/wp\/v2\/pages\/77791\/revisions\/91039"}],"wp:featuredmedia":[{"embeddable":true,"href":"https:\/\/www.colorandinafoods.com.br\/blog\/wp-json\/wp\/v2\/media\/77799"}],"wp:attachment":[{"href":"https:\/\/www.colorandinafoods.com.br\/blog\/wp-json\/wp\/v2\/media?parent=77791"}],"curies":[{"name":"wp","href":"https:\/\/api.w.org\/{rel}","templated":true}]}}